{"id":10,"date":"2022-08-15T09:08:54","date_gmt":"2022-08-15T09:08:54","guid":{"rendered":"https:\/\/cdm.panico.eu\/?page_id=10"},"modified":"2022-09-23T06:06:19","modified_gmt":"2022-09-23T06:06:19","slug":"2-santa-allianz","status":"publish","type":"page","link":"https:\/\/fugasdacasa.net\/?page_id=10","title":{"rendered":"2. Santa Allianz"},"content":{"rendered":"\n<p><strong>Com a nomea\u00e7\u00e3o de Jos\u00e9 Pena do Amaral, membro da comiss\u00e3o executiva do BPI, para Presidente do Conselho de Administra\u00e7\u00e3o da Casa da M\u00fasica, surgem os neg\u00f3cios lucrativos para a Allianz \u2013 empresa de seguros participada pelo BPI e cujo Conselho de Administra\u00e7\u00e3o inclui&#8230; o mesmo <a rel=\"noreferrer noopener\" href=\"https:\/\/bpi.bancobpi.pt\/index.asp?riIdArea=AreaGbpi&amp;riId=GExecutiva4\" target=\"_blank\">Jos\u00e9 Pena do Amaral<\/a>.<\/strong><\/p>\n\n\n\n<p>A Allianz torna-se mecenas da Casa da M\u00fasica em 2015, doando 25.000 \u20ac anuais (ocasionalmente 37.000 \u20ac e 40.000 \u20ac). Em troca, \u00e9 beneficiada ao tornar-se seguradora da Casa da M\u00fasica com receitas de 150.000 \u20ac anuais (como a seguir se demonstra), sem o concurso p\u00fablico a que obriga a <a href=\"https:\/\/fugasdacasa.net\/?page_id=22\" data-type=\"page\" data-id=\"22\">Legisla\u00e7\u00e3o<\/a>.<\/p>\n\n\n\n<p>A <a rel=\"noreferrer noopener\" href=\"https:\/\/fugasdacasa.net\/?page_id=1398\" data-type=\"page\" data-id=\"1398\" target=\"_blank\">tabela disponibilizada<\/a> cont\u00e9m uma listagem de facturas de seguros contratados pela Funda\u00e7\u00e3o Casa da M\u00fasica que mostra a que empresa estavam contratadas diversas categorias de seguros ao longo dos anos. A\u00ed se verifica que os neg\u00f3cios com a Allianz come\u00e7aram de facto em 2015, abrangendo os seguros de sa\u00fade, acidentes de trabalho, multirriscos \u2013 comercial e responsabilidade civil, para al\u00e9m de alguns seguros de acidentes pessoais. A passagem dos seguros de sa\u00fade para a Allianz, em Janeiro de 2015, comprova-se tamb\u00e9m por um e-mail do Director Geral da Funda\u00e7\u00e3o Casa da M\u00fasica enviado aos trabalhadores a 29\/12\/2014.<\/p>\n\n\n\n<figure class=\"wp-block-image size-large\"><a href=\"https:\/\/fugasdacasa.net\/wp-content\/uploads\/2022\/09\/Email-informativo-29.12.2014-mudanca-Allianz.cleaned.png\"><img loading=\"lazy\" decoding=\"async\" width=\"724\" height=\"1024\" src=\"https:\/\/fugasdacasa.net\/wp-content\/uploads\/2022\/09\/Email-informativo-29.12.2014-mudanca-Allianz.cleaned-724x1024.png\" alt=\"\" class=\"wp-image-337\" srcset=\"https:\/\/fugasdacasa.net\/wp-content\/uploads\/2022\/09\/Email-informativo-29.12.2014-mudanca-Allianz.cleaned-724x1024.png 724w, https:\/\/fugasdacasa.net\/wp-content\/uploads\/2022\/09\/Email-informativo-29.12.2014-mudanca-Allianz.cleaned-212x300.png 212w, https:\/\/fugasdacasa.net\/wp-content\/uploads\/2022\/09\/Email-informativo-29.12.2014-mudanca-Allianz.cleaned-768x1086.png 768w, https:\/\/fugasdacasa.net\/wp-content\/uploads\/2022\/09\/Email-informativo-29.12.2014-mudanca-Allianz.cleaned-1086x1536.png 1086w, https:\/\/fugasdacasa.net\/wp-content\/uploads\/2022\/09\/Email-informativo-29.12.2014-mudanca-Allianz.cleaned.png 1240w\" sizes=\"auto, (max-width: 724px) 100vw, 724px\" \/><\/a><\/figure>\n\n\n\n<p>Seguem-se os valores anuais gastos pela Casa da M\u00fasica nestes tipos de seguros, apurados nos documentos administrativos indicados \u00e0 frente:<\/p>\n\n\n\n<p>&#8211; Seguros de sa\u00fade: 86.851,96 \u20ac <a href=\"https:\/\/fugasdacasa.net\/wp-content\/uploads\/2022\/09\/AL2021_3.png\" data-type=\"attachment\" data-id=\"328\">(ver recibo correspondente)<\/a>.<br>&#8211; Seguros de acidentes de trabalho: 29.780,50 \u20ac <a href=\"https:\/\/fugasdacasa.net\/wp-content\/uploads\/2022\/09\/AL2021_87-1.png\">(ver recibo correspondente)<\/a>.<br>&#8211; Seguros de responsabilidade civil e multirrisco: na ordem dos 36.000 \u20ac.<sup><a href=\"#fontes\">1<\/a><\/sup><\/p>\n\n\n\n<h3 class=\"wp-block-heading\" id=\"h.z8abn63dne2k_l\"><strong>150.000 \u20ac por ano sem concurso p\u00fablico<\/strong><\/h3>\n\n\n\n<p>Como se viu acima, a Funda\u00e7\u00e3o Casa da M\u00fasica contrata \u00e0 Allianz ap\u00f3lices de seguro que totalizam cerca de 150.000 \u20ac por ano, sem qualquer concurso p\u00fablico, consulta pr\u00e9via ou ajuste directo publicado no portal Base<sup><a href=\"#fontes\">2<\/a><\/sup>, como imp\u00f5e o C\u00f3digo dos Contratos P\u00fablicos (ver <a href=\"https:\/\/fugasdacasa.net\/?page_id=22\" data-type=\"page\" data-id=\"22\">Legisla\u00e7\u00e3o<\/a>). Ainda que os valores a considerar fossem distribu\u00eddos por diferentes categorias (sa\u00fade, acidentes de trabalho, multirrisco\u2026), os valores de cada uma destas categorias obrigariam, de qualquer forma, \u00e0 realiza\u00e7\u00e3o de procedimentos transparentes de contrata\u00e7\u00e3o p\u00fablica. Isso nunca ocorreu desde 2015. Em 2022, por alguma raz\u00e3o, surgem os primeiros procedimentos de contrata\u00e7\u00e3o p\u00fablica de seguros pela Casa da M\u00fasica, j\u00e1 com outra empresa, mas apenas relativos a seguros multirrisco.<\/p>\n\n\n\n<h3 class=\"wp-block-heading\" id=\"h.uakq30c7hnep_l\"><strong>Mecenato com destino incerto<\/strong><\/h3>\n\n\n\n<p>Depois da sua participa\u00e7\u00e3o no capital fundacional da Casa da M\u00fasica, em 2006, a Allianz financiou a actividade da Funda\u00e7\u00e3o com os seguintes valores<sup><a href=\"#fontes\">3<\/a><\/sup>:<\/p>\n\n\n\n<ul class=\"wp-block-list\"><li>2015: 25.000 \u20ac (Mecenas Ano Alemanha)<\/li><li>2016: 25.000 \u20ac (Mecenas m\u00fasica coral e coro infantil)<\/li><li>2017: 37.500 \u20ac (Mecenas m\u00fasica coral e coro infantil)<\/li><li>2018: 40.000 \u20ac (Mecenas m\u00fasica coral e coro infantil)<\/li><li>2019: 25.000 \u20ac (Mecenas m\u00fasica coral e coro infantil)<\/li><\/ul>\n\n\n\n<p>Ao referir-se o Coro Infantil enquanto objecto deste mecenato, pressup\u00f5e-se que as actividades educativas sairiam refor\u00e7adas, j\u00e1 que este novo coro surgiu integrado no Servi\u00e7o Educativo. No entanto, pode verificar-se nos relat\u00f3rios de contas que o impacto de mais mecenato no Servi\u00e7o Educativo foi nulo: a cada ano que passa, a quantia investida neste departamento \u00e9 mais baixa do que no ano anterior. Os gastos no Servi\u00e7o Educativo estavam na ordem dos 500.000 \u20ac (2008 e 2009)<sup><a href=\"#fontes\" data-type=\"internal\" data-id=\"#fontes\">4<\/a><\/sup>, mais tarde 340.000 \u20ac (2013) e 300.000 \u20ac (2014)<sup><a href=\"#fontes\" data-type=\"internal\" data-id=\"#fontes\">5<\/a><\/sup>, e j\u00e1 com o mecenato da Allianz ainda baixaram mais, para 275.184 \u20ac (2017) e 267.395 \u20ac (2019)<sup><a href=\"#fontes\" data-type=\"internal\" data-id=\"#fontes\">6<\/a><\/sup>.<\/p>\n\n\n\n<p>Conclus\u00e3o: a seguradora Allianz beneficia de um novo neg\u00f3cio com a Funda\u00e7\u00e3o Casa da M\u00fasica, desde 2015, gra\u00e7as a um donativo mecen\u00e1tico muito inferior \u00e0 receita que embolsa como fornecedor preferencial de ap\u00f3lices de seguro. Este mecenato n\u00e3o tem tido qualquer efeito na actividade do Servi\u00e7o Educativo. (Ainda que houvesse tal efeito, o Estatuto do Mecenato n\u00e3o permite que se privilegie a rela\u00e7\u00e3o comercial com a empresa doadora.)<\/p>\n\n\n\n<h3 class=\"wp-block-heading\" id=\"h.kmi8qovunmbp_l\"><strong>Pescadinha de rabo na boca<\/strong><\/h3>\n\n\n\n<p>Como se viu acima, um dos membros do Conselho de Administra\u00e7\u00e3o da Allianz \u00e9 Jos\u00e9 Pena do Amaral. Os privil\u00e9gios concedidos \u00e0 Allianz pela Funda\u00e7\u00e3o Casa da M\u00fasica come\u00e7aram precisamente em 2015, assim que Jos\u00e9 Pena do Amaral foi designado presidente do Conselho de Administra\u00e7\u00e3o da Casa da M\u00fasica (cargo que exerceu at\u00e9 Junho de 2021). Os seguros da Allianz <a rel=\"noreferrer noopener\" href=\"https:\/\/www.bancobpi.pt\/grupo-bpi\/grupo-bpi\/estrutura-financeira-e-de-negocio\/modelo-de-negocio-do-bpi\" data-type=\"URL\" data-id=\"https:\/\/www.bancobpi.pt\/grupo-bpi\/grupo-bpi\/estrutura-financeira-e-de-negocio\/modelo-de-negocio-do-bpi\" target=\"_blank\">s\u00e3o detidos em 35% pelo BPI<\/a> (onde trabalhava Jos\u00e9 Pena do Amaral como membro da Comiss\u00e3o Executiva), empresa essa que \u00e9 tamb\u00e9m mecenas da Casa da M\u00fasica. O BPI, enquanto participante no capital da Allianz, beneficia portanto dos neg\u00f3cios desta empresa com a Casa da M\u00fasica (ver <a href=\"https:\/\/fugasdacasa.net\/?page_id=14\">Fuga 4<\/a>).<\/p>\n\n\n\n<p>Mas a presen\u00e7a do BPI no Conselho de Administra\u00e7\u00e3o da Funda\u00e7\u00e3o Casa da M\u00fasica, naquele per\u00edodo, n\u00e3o se cingiu a Jos\u00e9 Pena do Amaral. Outro homem do banco a\u00ed colocado desde 2015 foi Ant\u00f3nio Lobo Xavier, <a rel=\"noreferrer noopener\" href=\"https:\/\/www.caad.org.pt\/files\/documentos\/curricula\/CAAD-CV-Antonio_Lobo_Xavier.pdf\" data-type=\"URL\" data-id=\"https:\/\/www.caad.org.pt\/files\/documentos\/curricula\/CAAD-CV-Antonio_Lobo_Xavier.pdf\" target=\"_blank\">administrador do BPI <\/a>desde 2008 e <a rel=\"noreferrer noopener\" href=\"https:\/\/www.bancobpi.pt\/particulares\/comunicado-do-banco-bpi\" data-type=\"URL\" data-id=\"https:\/\/www.bancobpi.pt\/particulares\/comunicado-do-banco-bpi\" target=\"_blank\">vice-presidente do Conselho de Administra\u00e7\u00e3o do BPI<\/a> desde 2020.<\/p>\n\n\n\n<h3 class=\"wp-block-heading\" id=\"h.u1vqi81es5fw_l\"><strong>Nota sobre as seguradoras AXA e Ageas<\/strong><\/h3>\n\n\n\n<p>A seguradora AXA foi mecenas da Funda\u00e7\u00e3o Casa da M\u00fasica entre 2008 e 2012, com um contributo de 250.000 \u20ac anuais que cessou em 2013<sup><a href=\"#fontes\" data-type=\"internal\" data-id=\"#fontes\">7<\/a><\/sup>. Tamb\u00e9m neste caso existiu uma rela\u00e7\u00e3o comercial entre as entidades, sem os obrigat\u00f3rios procedimentos de contrata\u00e7\u00e3o p\u00fablica. Esta rela\u00e7\u00e3o foi desaparecendo em 2013 e 2014 e terminou por completo a partir de ent\u00e3o, reflectindo a promiscuidade entre o estatuto de mecenas e o de parceiro comercial. <\/p>\n\n\n\n<p>A seguradora AXA Portugal foi <a rel=\"noreferrer noopener\" href=\"https:\/\/www.noticiasaominuto.com\/economia\/565017\/ageas-finaliza-compra-da-seguradora-axa-portugal\" target=\"_blank\">comprada pela Ageas<\/a> em 2016, e esta voltou a assumir o papel de mecenas da Casa da M\u00fasica, embora com valores muito inferiores: dos 250.000 \u20ac anuais da AXA para os 20.000 \u20ac anuais da Ageas em 2021<sup><a href=\"#fontes\" data-type=\"internal\" data-id=\"#fontes\">8<\/a><\/sup>. \u00c9 imediatamente ap\u00f3s este retorno ao papel de mecenas que, em 2021, os seguros da categoria Multirriscos \u2013 Comercial passam a ser contratados \u00e0 Ageas Portugal. A isto n\u00e3o ser\u00e1 tamb\u00e9m alheio o facto de a Allianz deixar de contribuir nesse mesmo ano de 2021 &#8211; coincidentemente, o ano em que Pena do Amaral deixa de fazer parte do Conselho de Administra\u00e7\u00e3o da Casa da M\u00fasica. O contributo da Ageas, que era de 40.000 \u20ac em 2019, foi reduzido para 20.000 \u20ac em 2021.<sup><a href=\"#fontes\" data-type=\"internal\" data-id=\"#fontes\">9<\/a><\/sup><\/p>\n\n\n\n<p>Tamb\u00e9m o novo contrato de 2021 com a Ageas n\u00e3o foi alvo de um procedimento de contrata\u00e7\u00e3o p\u00fablica, apesar do seu valor de cerca de 30.000 \u20ac. O primeiro <a rel=\"noreferrer noopener\" href=\"https:\/\/www.base.gov.pt\/Base4\/pt\/detalhe\/?type=contratos&amp;id=9068228\" data-type=\"URL\" data-id=\"https:\/\/www.base.gov.pt\/Base4\/pt\/detalhe\/?type=contratos&amp;id=9068228\" target=\"_blank\">concurso p\u00fablico para este servi\u00e7o<\/a> foi feito em Mar\u00e7o de 2022. Curiosamente, a empresa vencedora do concurso foi&#8230; a Ageas.<\/p>\n\n\n\n<p class=\"has-tertiary-background-color has-background\"><strong>PR\u00d3XIMA FUGA<\/strong><a href=\"https:\/\/fugasdacasa.net\/?page_id=10\" data-type=\"page\" data-id=\"10\"><br>3: <\/a><a href=\"https:\/\/fugasdacasa.net\/?page_id=12\" data-type=\"page\" data-id=\"12\">A SONAE e a Casa da M\u00fasica ao retalho<\/a><\/p>\n\n\n\n<p id=\"fontes\" style=\"font-size:12px\"><strong>Fontes<\/strong><br>(1) <a rel=\"noreferrer noopener\" href=\"https:\/\/fugasdacasa.net\/wp-content\/uploads\/2022\/09\/plano-actividades-orcamento-2017.pdf#page=349\" target=\"_blank\">Planos de Actividades e Or\u00e7amento 2017 (p. 349)<\/a>, <a rel=\"noreferrer noopener\" href=\"https:\/\/fugasdacasa.net\/wp-content\/uploads\/2022\/09\/plano-actividades-orcamento-2018.pdf#page=337\" data-type=\"attachment\" target=\"_blank\">2018 (p. 337)<\/a> e <a rel=\"noreferrer noopener\" href=\"https:\/\/fugasdacasa.net\/wp-content\/uploads\/2022\/09\/plano-actividades-orcamento-2019b.pdf#page=225\" data-type=\"attachment\" target=\"_blank\">2019 (p. 225)<\/a>.<br>(2) Contratos p\u00fablicos da Funda\u00e7\u00e3o Casa da M\u00fasica dispon\u00edveis em&nbsp;<a rel=\"noreferrer noopener\" href=\"https:\/\/www.base.gov.pt\/Base4\/pt\/pesquisa\/?type=contratos&amp;adjudicanteid=31323\" target=\"_blank\">https:\/\/www.base.gov.pt\/Base4\/pt\/pesquisa\/?type=contratos&amp;adjudicanteid=31323<\/a>.<br>(3) <a rel=\"noreferrer noopener\" href=\"https:\/\/fugasdacasa.net\/wp-content\/uploads\/2022\/09\/relatorio-contas-2015.pdf#page=68\" target=\"_blank\">Relat\u00f3rios de Actividades e Contas 2015 (p. 135)<\/a>, <a rel=\"noreferrer noopener\" href=\"https:\/\/fugasdacasa.net\/wp-content\/uploads\/2022\/09\/relatorio-contas-2016.pdf#page=159\" data-type=\"attachment\" target=\"_blank\">2016 (p. 159)<\/a>, <a rel=\"noreferrer noopener\" href=\"https:\/\/fugasdacasa.net\/wp-content\/uploads\/2022\/09\/relatorio-contas-2017.pdf#page=99\" data-type=\"attachment\" target=\"_blank\">2017 (p. 196)<\/a>, <a rel=\"noreferrer noopener\" href=\"https:\/\/fugasdacasa.net\/wp-content\/uploads\/2022\/09\/relatorio-contas-2018.pdf#page=99\" target=\"_blank\">2018 (p. 196)<\/a> e <a rel=\"noreferrer noopener\" href=\"https:\/\/fugasdacasa.net\/wp-content\/uploads\/2022\/09\/relatorio-contas-2019.pdf#page=213\" target=\"_blank\">2019 (p. 213)<\/a>.<br>(4) <a rel=\"noreferrer noopener\" href=\"https:\/\/fugasdacasa.net\/wp-content\/uploads\/2022\/09\/relatorio-contas-2010.pdf#page=56\" data-type=\"attachment\" target=\"_blank\">Relat\u00f3rio de Actividades e Contas 2010, p\u00e1gina 108<\/a>.<br>(5) <a rel=\"noreferrer noopener\" href=\"https:\/\/fugasdacasa.net\/wp-content\/uploads\/2022\/09\/relatorio-contas-2014.pdf#page=162\" data-type=\"attachment\" target=\"_blank\">Relat\u00f3rio de Actividades e Contas 2014, p\u00e1gina 160<\/a>.<br>(6) <a rel=\"noreferrer noopener\" href=\"https:\/\/fugasdacasa.net\/wp-content\/uploads\/2022\/09\/relatorio-contas-2019.pdf#page=31\" data-type=\"attachment\" target=\"_blank\">Relat\u00f3rio de Actividades e Contas 2019, p\u00e1gina 31<\/a>.<br>(7) <a rel=\"noreferrer noopener\" href=\"https:\/\/fugasdacasa.net\/wp-content\/uploads\/2022\/09\/relatorio-contas-2008.pdf#page=70\" data-type=\"attachment\" target=\"_blank\">Relat\u00f3rios de Actividades e Contas 2008 (p. 70)<\/a>, <a rel=\"noreferrer noopener\" href=\"https:\/\/fugasdacasa.net\/wp-content\/uploads\/2022\/09\/relatorio-contas-2009.pdf#page=55\" data-type=\"attachment\" target=\"_blank\">2009 (p. 109)<\/a>, <a rel=\"noreferrer noopener\" href=\"https:\/\/fugasdacasa.net\/wp-content\/uploads\/2022\/09\/relatorio-contas-2010.pdf#page=57\" data-type=\"attachment\" target=\"_blank\">2010 (p. 111)<\/a>, <a rel=\"noreferrer noopener\" href=\"https:\/\/fugasdacasa.net\/wp-content\/uploads\/2022\/09\/relatorio-contas-2011.pdf#page=60\" data-type=\"attachment\" target=\"_blank\">2011 (p. 117)<\/a>, <a rel=\"noreferrer noopener\" href=\"https:\/\/fugasdacasa.net\/wp-content\/uploads\/2022\/09\/relatorio-contas-2012.pdf#page=75\" data-type=\"attachment\" target=\"_blank\">2012 (p. 146)<\/a> e <a rel=\"noreferrer noopener\" href=\"https:\/\/fugasdacasa.net\/wp-content\/uploads\/2022\/09\/relatorio-contas-2013.pdf#page=58\" data-type=\"attachment\" target=\"_blank\">2013 (p. 115)<\/a>.<br>(8) <a rel=\"noreferrer noopener\" href=\"https:\/\/fugasdacasa.net\/wp-content\/uploads\/2022\/09\/relatorio-contas-2021.pdf#page=102\" data-type=\"attachment\" target=\"_blank\">Relat\u00f3rio de Actividades e Contas 2021, p\u00e1gina 202<\/a>.<br>(9) Quadros das receitas de mecenato nos Relat\u00f3rios de Actividades e Contas de <a rel=\"noreferrer noopener\" href=\"https:\/\/fugasdacasa.net\/wp-content\/uploads\/2022\/09\/relatorio-contas-2019.pdf#page=213\" target=\"_blank\">2019 (p. 213)<\/a>, <a rel=\"noreferrer noopener\" href=\"https:\/\/fugasdacasa.net\/wp-content\/uploads\/2022\/09\/relatorio-contas-2020.pdf#page=96\" target=\"_blank\">2020 (p. 188)<\/a> e <a rel=\"noreferrer noopener\" href=\"https:\/\/fugasdacasa.net\/wp-content\/uploads\/2022\/09\/relatorio-contas-2021.pdf#page=102\" target=\"_blank\">2021 (p. 202)<\/a>.<\/p>\n","protected":false},"excerpt":{"rendered":"<p>Com a nomea\u00e7\u00e3o de Jos\u00e9 Pena do Amaral, membro da comiss\u00e3o executiva do BPI, para Presidente do Conselho de Administra\u00e7\u00e3o da Casa da M\u00fasica, surgem os neg\u00f3cios lucrativos para a Allianz \u2013 empresa de seguros participada pelo BPI e cujo Conselho de Administra\u00e7\u00e3o inclui&#8230; o mesmo Jos\u00e9 Pena do Amaral. A Allianz torna-se mecenas da [&hellip;]<\/p>\n","protected":false},"author":1,"featured_media":0,"parent":0,"menu_order":0,"comment_status":"closed","ping_status":"closed","template":"page-large-header","meta":{"footnotes":""},"class_list":["post-10","page","type-page","status-publish","hentry"],"_links":{"self":[{"href":"https:\/\/fugasdacasa.net\/index.php?rest_route=\/wp\/v2\/pages\/10","targetHints":{"allow":["GET"]}}],"collection":[{"href":"https:\/\/fugasdacasa.net\/index.php?rest_route=\/wp\/v2\/pages"}],"about":[{"href":"https:\/\/fugasdacasa.net\/index.php?rest_route=\/wp\/v2\/types\/page"}],"author":[{"embeddable":true,"href":"https:\/\/fugasdacasa.net\/index.php?rest_route=\/wp\/v2\/users\/1"}],"replies":[{"embeddable":true,"href":"https:\/\/fugasdacasa.net\/index.php?rest_route=%2Fwp%2Fv2%2Fcomments&post=10"}],"version-history":[{"count":30,"href":"https:\/\/fugasdacasa.net\/index.php?rest_route=\/wp\/v2\/pages\/10\/revisions"}],"predecessor-version":[{"id":2575,"href":"https:\/\/fugasdacasa.net\/index.php?rest_route=\/wp\/v2\/pages\/10\/revisions\/2575"}],"wp:attachment":[{"href":"https:\/\/fugasdacasa.net\/index.php?rest_route=%2Fwp%2Fv2%2Fmedia&parent=10"}],"curies":[{"name":"wp","href":"https:\/\/api.w.org\/{rel}","templated":true}]}}