{"id":2645,"date":"2024-07-22T15:25:47","date_gmt":"2024-07-22T15:25:47","guid":{"rendered":"https:\/\/fugasdacasa.net\/?page_id=2645"},"modified":"2024-07-23T22:12:39","modified_gmt":"2024-07-23T22:12:39","slug":"amigos-amigos-negocios-faz-parte","status":"publish","type":"page","link":"https:\/\/fugasdacasa.net\/?page_id=2645","title":{"rendered":"Amigos, amigos, neg\u00f3cios faz parte"},"content":{"rendered":"\n<div class=\"wp-block-columns alignwide is-layout-flex wp-container-core-columns-is-layout-28f84493 wp-block-columns-is-layout-flex\">\n<div class=\"wp-block-column is-layout-flow wp-block-column-is-layout-flow\" style=\"flex-basis:100%\">\n<p>Ao longo do seu mandato de tr\u00eas anos (2021-2024), o Conselho de Administra\u00e7\u00e3o da Funda\u00e7\u00e3o Casa da M\u00fasica decidiu as contrata\u00e7\u00f5es de uma nova Diretora Administrativa e Financeira e uma nova Coordenadora de Sistemas de Informa\u00e7\u00e3o. Decidiu tamb\u00e9m a realiza\u00e7\u00e3o de auditorias aos sistemas de informa\u00e7\u00e3o e a contrata\u00e7\u00e3o de v\u00e1rios servi\u00e7os nesse campo. As sec\u00e7\u00f5es seguintes mostram as liga\u00e7\u00f5es pr\u00f3ximas entre a configura\u00e7\u00e3o do CA (que circula em torno de duas institui\u00e7\u00f5es de ensino superior), as contrata\u00e7\u00f5es sem concurso de quadros dirigentes muito bem pagos e um conjunto de neg\u00f3cios na \u00e1rea dos sistemas de informa\u00e7\u00e3o, lesivos para a Casa da M\u00fasica nas dimens\u00f5es financeira e funcional.<\/p>\n<\/div>\n<\/div>\n\n\n\n<div class=\"wp-block-columns alignwide is-layout-flex wp-container-core-columns-is-layout-28f84493 wp-block-columns-is-layout-flex\">\n<div class=\"wp-block-column is-layout-flow wp-block-column-is-layout-flow\" style=\"flex-basis:100%\">\n<h3 class=\"wp-block-heading\"><strong>Lugares em comum<\/strong><\/h3>\n<\/div>\n<\/div>\n\n\n\n<div class=\"wp-block-columns alignwide is-layout-flex wp-container-core-columns-is-layout-28f84493 wp-block-columns-is-layout-flex\">\n<div class=\"wp-block-column is-layout-flow wp-block-column-is-layout-flow\" style=\"flex-basis:100%\">\n<p>O Conselho de Administra\u00e7\u00e3o (CA) da Funda\u00e7\u00e3o Casa da M\u00fasica, em fun\u00e7\u00f5es desde junho de 2021 (at\u00e9 julho de 2024), tem como presidente Rui Amorim de Sousa (ex-CEO da Cerealis e antigo estudante da Faculdade de Economia do Porto), como vice-presidente Fernando Freire de Sousa (professor da Faculdade de Economia do Porto entre 1975 e 2010 e membro do conselho consultivo da Cat\u00f3lica Porto Business School) e como administradora-delegada Carla Chousal (licenciada em Economia tamb\u00e9m na Faculdade de Economia do Porto). Os restantes membros do Conselho de Administra\u00e7\u00e3o s\u00e3o Gra\u00e7a Gra\u00e7a Moura (licenciada pela Faculdade de Economia do Porto), Ant\u00f3nio Marquez Filipe (licenciado pela Faculdade de Economia do Porto), Lu\u00eds Os\u00f3rio (licenciado e docente de p\u00f3s-gradua\u00e7\u00e3o na Cat\u00f3lica Porto Business School), Leonor Sopas (licenciada pela Faculdade de Economia do Porto e&nbsp;professora da Cat\u00f3lica Porto Business School).<\/p>\n<\/div>\n<\/div>\n\n\n\n<div class=\"wp-block-columns alignwide is-layout-flex wp-container-core-columns-is-layout-28f84493 wp-block-columns-is-layout-flex\">\n<div class=\"wp-block-column is-layout-flow wp-block-column-is-layout-flow\" style=\"flex-basis:100%\">\n<p>Em ambas as institui\u00e7\u00f5es &#8211; Faculdade de Economia do Porto (FEP) e Cat\u00f3lica Porto Business School (CPBS) tem grande peso o vice-presidente do CA da Funda\u00e7\u00e3o Casa da M\u00fasica (FCDM), Fernando Freire de Sousa, acad\u00e9mico decano e presidente do Conselho Geral da Universidade do Porto.<\/p>\n<\/div>\n<\/div>\n\n\n\n<figure class=\"wp-block-image aligncenter size-large is-resized\"><img loading=\"lazy\" decoding=\"async\" width=\"1024\" height=\"793\" src=\"https:\/\/fugasdacasa.net\/wp-content\/uploads\/2024\/07\/FEP-e-PBS-1-1024x793.png\" alt=\"\" class=\"wp-image-2709\" style=\"width:639px;height:auto\" srcset=\"https:\/\/fugasdacasa.net\/wp-content\/uploads\/2024\/07\/FEP-e-PBS-1-1024x793.png 1024w, https:\/\/fugasdacasa.net\/wp-content\/uploads\/2024\/07\/FEP-e-PBS-1-300x232.png 300w, https:\/\/fugasdacasa.net\/wp-content\/uploads\/2024\/07\/FEP-e-PBS-1-768x595.png 768w, https:\/\/fugasdacasa.net\/wp-content\/uploads\/2024\/07\/FEP-e-PBS-1-1536x1189.png 1536w, https:\/\/fugasdacasa.net\/wp-content\/uploads\/2024\/07\/FEP-e-PBS-1-2048x1586.png 2048w\" sizes=\"auto, (max-width: 1024px) 100vw, 1024px\" \/><\/figure>\n\n\n\n<div class=\"wp-block-columns alignwide is-layout-flex wp-container-core-columns-is-layout-28f84493 wp-block-columns-is-layout-flex\">\n<div class=\"wp-block-column is-layout-flow wp-block-column-is-layout-flow\" style=\"flex-basis:100%\">\n<p>A Cat\u00f3lica Porto Business School passa a ter grande proximidade com a FCDM neste per\u00edodo, chegando a assinar um protocolo para que trabalhadores seus ali fa\u00e7am p\u00f3s-gradua\u00e7\u00f5es com descontos de 10% a 50% no valor das propinas (uma p\u00f3s-gradua\u00e7\u00e3o pode custar cerca de 20.000\u20ac). Em contrapartida, a Casa da M\u00fasica oferece \u00e0 CPBS 25% de desconto em cursos livres do servi\u00e7o educativo (que custam 110\u20ac).<\/p>\n<\/div>\n<\/div>\n\n\n\n<div class=\"wp-block-columns alignwide is-layout-flex wp-container-core-columns-is-layout-28f84493 wp-block-columns-is-layout-flex\">\n<div class=\"wp-block-column is-layout-flow wp-block-column-is-layout-flow\" style=\"flex-basis:100%\">\n<h3 class=\"wp-block-heading\"><strong>Nova Diretora Administrativa, Financeira e de Sistemas de Informa\u00e7\u00e3o<\/strong><\/h3>\n<\/div>\n<\/div>\n\n\n\n<div class=\"wp-block-columns alignwide is-layout-flex wp-container-core-columns-is-layout-28f84493 wp-block-columns-is-layout-flex\">\n<div class=\"wp-block-column is-layout-flow wp-block-column-is-layout-flow\" style=\"flex-basis:100%\">\n<p>Maio de 2022. O Conselho de Administra\u00e7\u00e3o contrata, sem concurso nem publica\u00e7\u00e3o de an\u00fancio, Ana Isabel Mena de Matos Lessa Ferreira como Diretora Administrativa, Financeira e de Sistemas de Informa\u00e7\u00e3o \u2013 mais conhecida como <strong>Isabel Mena Matos<\/strong>. Licenciada e Mestre pela Faculdade de Economia do Porto, Isabel Mena Matos foi professora da Cat\u00f3lica Porto Business School durante uma d\u00e9cada (2008-2019). Entra na Casa da M\u00fasica com um sal\u00e1rio na ordem dos 5.000\u20ac mensais. O vice-presidente do CA, Fernando Freire de Sousa, esteve pessoalmente envolvido na sua escolha.<\/p>\n<\/div>\n<\/div>\n\n\n\n<div class=\"wp-block-columns alignwide is-layout-flex wp-container-core-columns-is-layout-28f84493 wp-block-columns-is-layout-flex\">\n<div class=\"wp-block-column is-layout-flow wp-block-column-is-layout-flow\" style=\"flex-basis:100%\">\n<p>Junho de 2022. Apenas um m\u00eas depois da sua entrada, Isabel Mena Matos prop\u00f5e ao Conselho de Administra\u00e7\u00e3o da Funda\u00e7\u00e3o Casa da M\u00fasica um <em>assessment<\/em> (auditoria) aos Sistemas de Informa\u00e7\u00e3o (SI). A ideia seria perceber qual o estado dos SI, em termos de necessidades e boas pr\u00e1ticas, embora, na verdade, existisse uma equipa interna de SI que teria uma imagem completa do seu estado e das necessidades de investimento, alguns j\u00e1 com procedimentos de contrata\u00e7\u00e3o p\u00fablica em curso e com renova\u00e7\u00f5es de infraestruturas a decorrer.<\/p>\n<\/div>\n<\/div>\n\n\n\n<div class=\"wp-block-columns alignwide is-layout-flex wp-container-core-columns-is-layout-28f84493 wp-block-columns-is-layout-flex\">\n<div class=\"wp-block-column is-layout-flow wp-block-column-is-layout-flow\" style=\"flex-basis:100%\">\n<p>Acabada de chegar e desconsiderando os dados internos j\u00e1 existentes, Isabel Mena Matos apresenta ao CA a sua proposta de <em>assessment<\/em> levando j\u00e1 na m\u00e3o um or\u00e7amento da empresa <strong>CPCecho<\/strong>, no valor de 4.800\u20ac.<\/p>\n\n\n\n<p>Embora a necessidade de uma eventual auditoria nunca tivesse sido identificada at\u00e9 esse momento, o Conselho de Administra\u00e7\u00e3o aprova a auditoria a realizar pela empresa CPCecho.<\/p>\n<\/div>\n<\/div>\n\n\n\n<figure class=\"wp-block-image aligncenter size-large is-resized\"><img loading=\"lazy\" decoding=\"async\" width=\"1024\" height=\"691\" src=\"https:\/\/fugasdacasa.net\/wp-content\/uploads\/2024\/07\/IMM-CPCecho-2-1024x691.png\" alt=\"\" class=\"wp-image-2723\" style=\"width:737px;height:auto\" srcset=\"https:\/\/fugasdacasa.net\/wp-content\/uploads\/2024\/07\/IMM-CPCecho-2-1024x691.png 1024w, https:\/\/fugasdacasa.net\/wp-content\/uploads\/2024\/07\/IMM-CPCecho-2-300x202.png 300w, https:\/\/fugasdacasa.net\/wp-content\/uploads\/2024\/07\/IMM-CPCecho-2-768x518.png 768w, https:\/\/fugasdacasa.net\/wp-content\/uploads\/2024\/07\/IMM-CPCecho-2-1536x1036.png 1536w, https:\/\/fugasdacasa.net\/wp-content\/uploads\/2024\/07\/IMM-CPCecho-2-2048x1381.png 2048w\" sizes=\"auto, (max-width: 1024px) 100vw, 1024px\" \/><\/figure>\n\n\n\n<div class=\"wp-block-columns alignwide is-layout-flex wp-container-core-columns-is-layout-28f84493 wp-block-columns-is-layout-flex\">\n<div class=\"wp-block-column is-layout-flow wp-block-column-is-layout-flow\" style=\"flex-basis:100%\"><\/div>\n<\/div>\n\n\n\n<div class=\"wp-block-columns alignwide is-layout-flex wp-container-core-columns-is-layout-28f84493 wp-block-columns-is-layout-flex\">\n<div class=\"wp-block-column is-layout-flow wp-block-column-is-layout-flow\" style=\"flex-basis:100%\">\n<h3 class=\"wp-block-heading\"><strong>Quem \u00e9 a CPCecho?<\/strong><\/h3>\n<\/div>\n<\/div>\n\n\n\n<div class=\"wp-block-columns alignwide is-layout-flex wp-container-core-columns-is-layout-28f84493 wp-block-columns-is-layout-flex\">\n<div class=\"wp-block-column is-layout-flow wp-block-column-is-layout-flow\" style=\"flex-basis:100%\">\n<p>O principal s\u00f3cio e CEO da CPCecho \u00e9 <strong>Jorge Queiroz Machado<\/strong>, formado em Eletr\u00f3nica na Universidade do Porto e com uma p\u00f3s-gradua\u00e7\u00e3o em Gest\u00e3o (onde?&#8230; onde?) na Cat\u00f3lica Porto Business School.<\/p>\n<\/div>\n<\/div>\n\n\n\n<div class=\"wp-block-columns alignwide is-layout-flex wp-container-core-columns-is-layout-28f84493 wp-block-columns-is-layout-flex\">\n<div class=\"wp-block-column is-layout-flow wp-block-column-is-layout-flow\" style=\"flex-basis:100%\">\n<p>O CEO da CPCecho tem um filho tamb\u00e9m com esp\u00edrito empreendedor, Francisco Machado, que fundou em 2021 uma marca de \u00f3culos chamada Leko Brand com um amigo de longa data, Ant\u00f3nio Lessa Ferreira. Sim, \u201cLessa Ferreira\u201d, como Isabel Mena de Matos Lessa Ferreira, de quem \u00e9 filho. Fica a pergunta: os progenitores destes jovens empreendedores j\u00e1 se conheciam de algum lado? Sabemos que os filhos s\u00e3o bons amigos h\u00e1 mais de uma d\u00e9cada, a acreditar no que <a href=\"https:\/\/www.noticiasmagazine.pt\/2022\/leko-brand-oculos-que-filtram-a-luz-azul\/estilos\/270445\/\">os pr\u00f3prios foram dizendo \u00e0 imprensa<\/a> quando criaram o seu neg\u00f3cio em sociedade. Parece \u00f3bvio que j\u00e1 existia uma rela\u00e7\u00e3o entre a rec\u00e9m-chegada Diretora Administrativa, Financeira e de SI da Funda\u00e7\u00e3o Casa da M\u00fasica e Jorge Queiroz Machado, CEO e s\u00f3cio maiorit\u00e1rio da CPCecho.<\/p>\n<\/div>\n<\/div>\n\n\n\n<div class=\"wp-block-columns alignwide is-layout-flex wp-container-core-columns-is-layout-28f84493 wp-block-columns-is-layout-flex\">\n<div class=\"wp-block-column is-layout-flow wp-block-column-is-layout-flow\" style=\"flex-basis:100%\">\n<p>O mundo \u00e9 pequeno, e em 2022, acabada de chegar \u00e0 Casa da M\u00fasica, Isabel Mena Matos estava a propor ao Conselho de Administra\u00e7\u00e3o a contrata\u00e7\u00e3o de uma auditoria a realizar pela empresa do pai do grande amigo do seu filho.<\/p>\n\n\n\n<p>A CPCecho \u00e9 uma empresa do grupo CPC IS, esta \u00faltima membro do Conselho de Fundadores de Casa da M\u00fasica.<\/p>\n<\/div>\n<\/div>\n\n\n\n<figure class=\"wp-block-image aligncenter size-large is-resized\"><img loading=\"lazy\" decoding=\"async\" width=\"1024\" height=\"666\" src=\"https:\/\/fugasdacasa.net\/wp-content\/uploads\/2024\/07\/cpcecho-1-1024x666.png\" alt=\"\" class=\"wp-image-2711\" style=\"width:764px;height:auto\" srcset=\"https:\/\/fugasdacasa.net\/wp-content\/uploads\/2024\/07\/cpcecho-1-1024x666.png 1024w, https:\/\/fugasdacasa.net\/wp-content\/uploads\/2024\/07\/cpcecho-1-300x195.png 300w, https:\/\/fugasdacasa.net\/wp-content\/uploads\/2024\/07\/cpcecho-1-768x500.png 768w, https:\/\/fugasdacasa.net\/wp-content\/uploads\/2024\/07\/cpcecho-1-1536x999.png 1536w, https:\/\/fugasdacasa.net\/wp-content\/uploads\/2024\/07\/cpcecho-1-2048x1332.png 2048w\" sizes=\"auto, (max-width: 1024px) 100vw, 1024px\" \/><\/figure>\n\n\n\n<div class=\"wp-block-columns alignwide is-layout-flex wp-container-core-columns-is-layout-28f84493 wp-block-columns-is-layout-flex\">\n<div class=\"wp-block-column is-layout-flow wp-block-column-is-layout-flow\" style=\"flex-basis:100%\"><\/div>\n<\/div>\n\n\n\n<div class=\"wp-block-columns alignwide is-layout-flex wp-container-core-columns-is-layout-28f84493 wp-block-columns-is-layout-flex\">\n<div class=\"wp-block-column is-layout-flow wp-block-column-is-layout-flow\" style=\"flex-basis:100%\">\n<h3 class=\"wp-block-heading\"><strong>Fim de saldos<\/strong><\/h3>\n<\/div>\n<\/div>\n\n\n\n<div class=\"wp-block-columns alignwide is-layout-flex wp-container-core-columns-is-layout-28f84493 wp-block-columns-is-layout-flex\">\n<div class=\"wp-block-column is-layout-flow wp-block-column-is-layout-flow\" style=\"flex-basis:100%\">\n<p>Com uma promo\u00e7\u00e3o agarra-se o cliente, e a auditoria da CPCecho tinha um pre\u00e7o simp\u00e1tico. Apesar de n\u00e3o ser necess\u00e1ria, esta solu\u00e7\u00e3o externa custava apenas 4.800\u20ac. Trocos. Mas foi s\u00f3 o come\u00e7o, porque os neg\u00f3cios mais lucrativos vieram a seguir.<\/p>\n<\/div>\n<\/div>\n\n\n\n<div class=\"wp-block-columns alignwide is-layout-flex wp-container-core-columns-is-layout-28f84493 wp-block-columns-is-layout-flex\">\n<div class=\"wp-block-column is-layout-flow wp-block-column-is-layout-flow\" style=\"flex-basis:100%\">\n<p>Setembro de 2022. A auditoria da CPCecho proposta por Isabel Mena Matos estava conclu\u00edda. Assim que entrega o resultado, a mesma CPCecho apresenta-se como candidata para realizar os servi\u00e7os que ela pr\u00f3pria conclu\u00edra serem necess\u00e1rios. Agora o pre\u00e7o \u00e9 outro: 81.681 \u20ac.<\/p>\n<\/div>\n<\/div>\n\n\n\n<div class=\"wp-block-columns alignwide is-layout-flex wp-container-core-columns-is-layout-28f84493 wp-block-columns-is-layout-flex\">\n<div class=\"wp-block-column is-layout-flow wp-block-column-is-layout-flow\" style=\"flex-basis:100%\">\n<p>A Casa da M\u00fasica n\u00e3o podia contratar a CPCecho a este pre\u00e7o sem um procedimento de contrata\u00e7\u00e3o p\u00fablica. Assim, \u00e9 lan\u00e7ada uma consulta pr\u00e9via em novembro de 2022, tendo em vista \u201ca contrata\u00e7\u00e3o, por lotes, da presta\u00e7\u00e3o de servi\u00e7os de assessoria na \u00e1rea dos Sistemas de Informa\u00e7\u00e3o &amp; IT da Casa da M\u00fasica\u201d. A CPCecho concorre, mas estranhamente perde <a href=\"https:\/\/www.base.gov.pt\/Base4\/pt\/detalhe\/?type=contratos&amp;id=9870382\">esse concurso<\/a> por ter proposto um valor superior ao pre\u00e7o base estabelecido pela Casa da M\u00fasica.<\/p>\n\n\n\n<p>Ganha a Armis \u2013 Sistemas de Informa\u00e7\u00e3o, Lda. por 73.700\u20ac. Viria a apresentar o seu plano para este servi\u00e7o em mar\u00e7o\/abril de 2023.<\/p>\n<\/div>\n<\/div>\n\n\n\n<figure class=\"wp-block-image aligncenter size-large is-resized\"><img loading=\"lazy\" decoding=\"async\" width=\"1024\" height=\"711\" src=\"https:\/\/fugasdacasa.net\/wp-content\/uploads\/2024\/07\/cpcecho-e-armis-1-1024x711.png\" alt=\"\" class=\"wp-image-2713\" style=\"width:717px;height:auto\" srcset=\"https:\/\/fugasdacasa.net\/wp-content\/uploads\/2024\/07\/cpcecho-e-armis-1-1024x711.png 1024w, https:\/\/fugasdacasa.net\/wp-content\/uploads\/2024\/07\/cpcecho-e-armis-1-300x208.png 300w, https:\/\/fugasdacasa.net\/wp-content\/uploads\/2024\/07\/cpcecho-e-armis-1-768x533.png 768w, https:\/\/fugasdacasa.net\/wp-content\/uploads\/2024\/07\/cpcecho-e-armis-1-1536x1067.png 1536w, https:\/\/fugasdacasa.net\/wp-content\/uploads\/2024\/07\/cpcecho-e-armis-1-2048x1423.png 2048w\" sizes=\"auto, (max-width: 1024px) 100vw, 1024px\" \/><\/figure>\n\n\n\n<div class=\"wp-block-columns alignwide is-layout-flex wp-container-core-columns-is-layout-28f84493 wp-block-columns-is-layout-flex\">\n<div class=\"wp-block-column is-layout-flow wp-block-column-is-layout-flow\" style=\"flex-basis:100%\">\n<p><\/p>\n<\/div>\n<\/div>\n\n\n\n<div class=\"wp-block-columns alignwide is-layout-flex wp-container-core-columns-is-layout-28f84493 wp-block-columns-is-layout-flex\">\n<div class=\"wp-block-column is-layout-flow wp-block-column-is-layout-flow\" style=\"flex-basis:100%\">\n<h3 class=\"wp-block-heading\"><strong>Nova Coordenadora de Sistemas de Informa\u00e7\u00e3o<\/strong><\/h3>\n<\/div>\n<\/div>\n\n\n\n<div class=\"wp-block-columns alignwide is-layout-flex wp-container-core-columns-is-layout-28f84493 wp-block-columns-is-layout-flex\">\n<div class=\"wp-block-column is-layout-flow wp-block-column-is-layout-flow\" style=\"flex-basis:100%\">\n<p>A Casa da M\u00fasica estava sem Coordenador de SI desde meados de 2022, altura em que o Conselho de Administra\u00e7\u00e3o tinha anunciado que algu\u00e9m seria contratado para esse lugar. A contrata\u00e7\u00e3o realizou-se apenas em mar\u00e7o\/abril de 2023, sem concurso nem publica\u00e7\u00e3o de an\u00fancio.<\/p>\n<\/div>\n<\/div>\n\n\n\n<div class=\"wp-block-columns alignwide is-layout-flex wp-container-core-columns-is-layout-28f84493 wp-block-columns-is-layout-flex\">\n<div class=\"wp-block-column is-layout-flow wp-block-column-is-layout-flow\" style=\"flex-basis:100%\">\n<p>A nova Coordenadora de SI \u00e9 <strong>Marta Valente<\/strong>, que entra em fun\u00e7\u00f5es em julho de 2023 com um sal\u00e1rio na ordem dos 3.800\u20ac mensais.<\/p>\n<\/div>\n<\/div>\n\n\n\n<div class=\"wp-block-columns alignwide is-layout-flex wp-container-core-columns-is-layout-28f84493 wp-block-columns-is-layout-flex\">\n<div class=\"wp-block-column is-layout-flow wp-block-column-is-layout-flow\" style=\"flex-basis:100%\">\n<p>Marta Valente trabalhava h\u00e1 dez anos no seu primeiro emprego, como coordenadora dos SI da CVRVV&nbsp;&#8211;&nbsp;Comiss\u00e3o de Viticultura da Regi\u00e3o dos Vinhos Verdes. Em 2021\/2022 <a href=\"https:\/\/www.cm-gaia.pt\/pt\/informacao\/recursos-humanos\/procedimentos-concursais-concursos-e-comissoes-de-servico\/proc-n-11-2021-tecnico-superior-informatica-dsi\/\">concorreu a um lugar de t\u00e9cnica superior de inform\u00e1tica na C\u00e2mara Municipal de Gaia<\/a>, em que iria ganhar 1.215,93\u20ac caso fosse colocada, o que n\u00e3o aconteceu. Arranjou assim um lugar bem mais promissor na Casa da M\u00fasica.&nbsp;<\/p>\n<\/div>\n<\/div>\n\n\n\n<div class=\"wp-block-columns alignwide is-layout-flex wp-container-core-columns-is-layout-28f84493 wp-block-columns-is-layout-flex\">\n<div class=\"wp-block-column is-layout-flow wp-block-column-is-layout-flow\" style=\"flex-basis:100%\">\n<p>De onde vem Marta Valente? \u00c9 casada com <strong>Jo\u00e3o Ferreira Silva<\/strong> \u2013 que exerce a fun\u00e7\u00e3o de \u201cteam leader professional services\u201d na <strong>CPCecho<\/strong>, desde 2021. N\u00e3o parece ter sido equacionado qualquer conflito de interesses entre a contrata\u00e7\u00e3o desta profissional e a candidatura a uma assessoria de 75.000\u20ac pela empresa do marido. N\u00e3o haveria problema, certamente, porque a CPCecho nem sequer tinha sido a vencedora do concurso. Ser\u00e1 mesmo assim?<\/p>\n<\/div>\n<\/div>\n\n\n\n<figure class=\"wp-block-image aligncenter size-large is-resized\"><img loading=\"lazy\" decoding=\"async\" width=\"1024\" height=\"807\" src=\"https:\/\/fugasdacasa.net\/wp-content\/uploads\/2024\/07\/Marta-valente-1-1024x807.png\" alt=\"\" class=\"wp-image-2714\" style=\"width:636px;height:auto\" srcset=\"https:\/\/fugasdacasa.net\/wp-content\/uploads\/2024\/07\/Marta-valente-1-1024x807.png 1024w, https:\/\/fugasdacasa.net\/wp-content\/uploads\/2024\/07\/Marta-valente-1-300x236.png 300w, https:\/\/fugasdacasa.net\/wp-content\/uploads\/2024\/07\/Marta-valente-1-768x605.png 768w, https:\/\/fugasdacasa.net\/wp-content\/uploads\/2024\/07\/Marta-valente-1-1536x1210.png 1536w, https:\/\/fugasdacasa.net\/wp-content\/uploads\/2024\/07\/Marta-valente-1-2048x1614.png 2048w\" sizes=\"auto, (max-width: 1024px) 100vw, 1024px\" \/><\/figure>\n\n\n\n<div class=\"wp-block-columns alignwide is-layout-flex wp-container-core-columns-is-layout-28f84493 wp-block-columns-is-layout-flex\">\n<div class=\"wp-block-column is-layout-flow wp-block-column-is-layout-flow\" style=\"flex-basis:100%\">\n<h3 class=\"wp-block-heading\"><strong>Armis, testa de ferro da CPCecho<\/strong><\/h3>\n<\/div>\n<\/div>\n\n\n\n<div class=\"wp-block-columns alignwide is-layout-flex wp-container-core-columns-is-layout-28f84493 wp-block-columns-is-layout-flex\">\n<div class=\"wp-block-column is-layout-flow wp-block-column-is-layout-flow\" style=\"flex-basis:100%\">\n<p>Em abril de 2023, a Armis apresenta o seu projeto para os servi\u00e7os de assessoria contratados, decalcado do projeto j\u00e1 apresentado pela CPCecho &#8211; dois <em>powerpoints<\/em> em que muda a cor mas n\u00e3o muda a maior parte do conte\u00fado. A rela\u00e7\u00e3o entre as duas empresas \u00e9 pr\u00f3xima, at\u00e9 porque a Armis foi fundada por um ex-elemento da CPCecho.<\/p>\n<\/div>\n<\/div>\n\n\n\n<div class=\"wp-block-columns alignwide is-layout-flex wp-container-core-columns-is-layout-28f84493 wp-block-columns-is-layout-flex\">\n<div class=\"wp-block-column is-layout-flow wp-block-column-is-layout-flow\" style=\"flex-basis:100%\">\n<p>Enquanto o projeto da CPCecho tinha como autor consultor Ricardo Sousa, o da Armis tem o mesmo Ricardo Sousa como \u201caconselhamento consultivo\u201d. A Armis entrega a \u201ccoordena\u00e7\u00e3o operacional do servi\u00e7o\u201d a\u2026 Jo\u00e3o Silva. O Jo\u00e3o Ferreira Silva da CPCecho (marido da coordenadora de SI da Casa da M\u00fasica, prestes a entrar ao servi\u00e7o).<\/p>\n<\/div>\n<\/div>\n\n\n\n<div class=\"wp-block-columns alignwide is-layout-flex wp-container-core-columns-is-layout-28f84493 wp-block-columns-is-layout-flex\">\n<div class=\"wp-block-column is-layout-flow wp-block-column-is-layout-flow\" style=\"flex-basis:100%\">\n<p>Em resumo, os profissionais da CPCecho foram subcontratados pela Armis para realizar o servi\u00e7o que a pr\u00f3pria CPCecho n\u00e3o ganhou na contrata\u00e7\u00e3o p\u00fablica.<\/p>\n<\/div>\n<\/div>\n\n\n\n<div class=\"wp-block-columns alignwide is-layout-flex wp-container-core-columns-is-layout-28f84493 wp-block-columns-is-layout-flex\">\n<div class=\"wp-block-column is-layout-flow wp-block-column-is-layout-flow\" style=\"flex-basis:100%\">\n<p>Os objetivos deste projeto encontram-se no documento da proposta de servi\u00e7os da Armis. Alguns deles s\u00e3o um desafio \u00e0 imagina\u00e7\u00e3o, pois n\u00e3o querem dizer nada ou quase nada:<\/p>\n<\/div>\n<\/div>\n\n\n\n<div class=\"wp-block-columns alignwide is-layout-flex wp-container-core-columns-is-layout-28f84493 wp-block-columns-is-layout-flex\">\n<div class=\"wp-block-column is-layout-flow wp-block-column-is-layout-flow\" style=\"flex-basis:100%\">\n<blockquote class=\"wp-block-quote is-layout-flow wp-block-quote-is-layout-flow\">\n<p>&#8211; Dimensionar necessidades reais<br>&#8211; Gest\u00e3o de projeto de implementa\u00e7\u00e3o<br>&#8211; Moderniza\u00e7\u00e3o da colabora\u00e7\u00e3o entre colaboradores<br>&#8211; Consolida\u00e7\u00e3o de correio eletr\u00f3nico<br>&#8211; Consolida\u00e7\u00e3o de partilha de conte\u00fados (Onedrive e Sharepoint Online)<\/p>\n<\/blockquote>\n<\/div>\n<\/div>\n\n\n\n<div class=\"wp-block-columns alignwide is-layout-flex wp-container-core-columns-is-layout-28f84493 wp-block-columns-is-layout-flex\">\n<div class=\"wp-block-column is-layout-flow wp-block-column-is-layout-flow\" style=\"flex-basis:100%\">\n<p>Outros referem-se a processos que na verdade n\u00e3o foram realizados pela empresa:<\/p>\n<\/div>\n<\/div>\n\n\n\n<div class=\"wp-block-columns alignwide is-layout-flex wp-container-core-columns-is-layout-28f84493 wp-block-columns-is-layout-flex\">\n<div class=\"wp-block-column is-layout-flow wp-block-column-is-layout-flow\" style=\"flex-basis:100%\">\n<blockquote class=\"wp-block-quote is-layout-flow wp-block-quote-is-layout-flow\">\n<p>&#8211; Consolida\u00e7\u00e3o da aquisi\u00e7\u00e3o de licenciamento Microsoft num \u00fanico processo para agiliza\u00e7\u00e3o de datas de t\u00e9rmino contratuais e aumento da capacidade de concorr\u00eancia e maiores vantagens econ\u00f3micas<br>[Este processo j\u00e1 estava contratualizado pela equipa interna da Casa da M\u00fasica.]<br><br>&#8211; Moderniza\u00e7\u00e3o dos postos de trabalho<br>[J\u00e1 planeada pela equipa interna e, meses depois, implementada por outra empresa externa. O quadro apresentado na p\u00e1gina 106 do <a href=\"https:\/\/casadamusica.com\/wp-content\/uploads\/2024\/04\/RC23_web_comp.pdf\">Relat\u00f3rio de Atividades e Contas de 2023<\/a> confirma que este processo n\u00e3o fez parte do servi\u00e7o contratado \u00e0 Armis.]<br><br>&#8211; Elabora\u00e7\u00e3o de conte\u00fados t\u00e9cnicos para pe\u00e7as processuais<br>[J\u00e1 realizados pela equipa interna e outras consultoras, nomeadamente para renova\u00e7\u00f5es de infraestrutura de cablagem, rede de switch e suas ferramentas de suporte e gest\u00e3o, e renova\u00e7\u00e3o das Firewall, por concurso, para uma das melhores marcas do mundo de Firewall, a Palo Alto.]<br><br>&#8211; Ferramentas de seguran\u00e7a de conte\u00fados e acessos (Endpoints e Correio Eletr\u00f3nico)<br>[J\u00e1 adquirida uma das melhores marcas do mundo de Firewall, a Palo Alto.]<\/p>\n<\/blockquote>\n<\/div>\n<\/div>\n\n\n\n<div class=\"wp-block-columns alignwide is-layout-flex wp-container-core-columns-is-layout-28f84493 wp-block-columns-is-layout-flex\">\n<div class=\"wp-block-column is-layout-flow wp-block-column-is-layout-flow\" style=\"flex-basis:100%\">\n<h3 class=\"wp-block-heading\"><strong>Na pr\u00e1tica, o que fez a Armis (ou CPCecho)?<\/strong><\/h3>\n<\/div>\n<\/div>\n\n\n\n<div class=\"wp-block-columns alignwide is-layout-flex wp-container-core-columns-is-layout-28f84493 wp-block-columns-is-layout-flex\">\n<div class=\"wp-block-column is-layout-flow wp-block-column-is-layout-flow\" style=\"flex-basis:100%\">\n<p>A Armis (ou CPCecho) desenvolve este projeto que se limita a ter um t\u00e9cnico de <em>helpdesk<\/em> a dar algum apoio, durante seis meses (perante uma equipa de SI que, nos primeiros meses desse ano de 2023, perdeu os dois elementos internos que restavam), e \u00e0 presen\u00e7a do consultor em reuni\u00f5es internas, pago a 75\u20ac por hora.<\/p>\n<\/div>\n<\/div>\n\n\n\n<div class=\"wp-block-columns alignwide is-layout-flex wp-container-core-columns-is-layout-28f84493 wp-block-columns-is-layout-flex\">\n<div class=\"wp-block-column is-layout-flow wp-block-column-is-layout-flow\" style=\"flex-basis:100%\">\n<p>A Armis n\u00e3o chega sequer a trocar os computadores da Casa da M\u00fasica. Para esse trabalho e para o helpdesk \u00e9 contratada uma outra empresa externa durante 6 meses, de set\/2023 a fev\/2024, por 19.000\u20ac.<\/p>\n<\/div>\n<\/div>\n\n\n\n<div class=\"wp-block-columns alignwide is-layout-flex wp-container-core-columns-is-layout-28f84493 wp-block-columns-is-layout-flex\">\n<div class=\"wp-block-column is-layout-flow wp-block-column-is-layout-flow\" style=\"flex-basis:100%\">\n<h3 class=\"wp-block-heading\"><strong>Firewall por Firewall<\/strong><\/h3>\n<\/div>\n<\/div>\n\n\n\n<div class=\"wp-block-columns alignwide is-layout-flex wp-container-core-columns-is-layout-28f84493 wp-block-columns-is-layout-flex\">\n<div class=\"wp-block-column is-layout-flow wp-block-column-is-layout-flow\" style=\"flex-basis:100%\">\n<p>Setembro de 2023. Numa altura em que a \u00e1rea de SI da Casa da M\u00fasica n\u00e3o tem nenhum t\u00e9cnico de inform\u00e1tica interno, al\u00e9m da diretora e da coordenadora, faz-se uma estranha troca da <em>firewall<\/em>. A Casa da M\u00fasica tinha equipamento de central <em>firewall<\/em> topo de gama da<a href=\"https:\/\/www.paloguard.com\/Firewall-PA-850.asp\"> Palo Alto<\/a>, <a href=\"https:\/\/www.base.gov.pt\/Base4\/pt\/resultados\/?type=doc_documentos&amp;id=912944&amp;ext=.pdf\">comprado por 44.850\u20ac, tr\u00eas anos antes, em setembro de 2020<\/a>.<\/p>\n<\/div>\n<\/div>\n\n\n\n<div class=\"wp-block-columns alignwide is-layout-flex wp-container-core-columns-is-layout-28f84493 wp-block-columns-is-layout-flex\">\n<div class=\"wp-block-column is-layout-flow wp-block-column-is-layout-flow\" style=\"flex-basis:100%\">\n<p>Estes equipamentos tinham o suporte pago durante tr\u00eas anos, terminando precisamente em setembro de 2023. A Palo Alto comercializa a extens\u00e3o deste suporte por um, tr\u00eas ou cinco anos, mas essa n\u00e3o foi a op\u00e7\u00e3o da Funda\u00e7\u00e3o Casa da M\u00fasica, assessorada pela CPCecho.<\/p>\n<\/div>\n<\/div>\n\n\n\n<div class=\"wp-block-columns alignwide is-layout-flex wp-container-core-columns-is-layout-28f84493 wp-block-columns-is-layout-flex\">\n<div class=\"wp-block-column is-layout-flow wp-block-column-is-layout-flow\" style=\"flex-basis:100%\">\n<p>O equipamento da Palo Alto, em pleno funcionamento, foi retirado e no seu lugar foi colocada uma <em>firewall<\/em> Fortinet. Esta troca ocorreu em setembro de 2023 e revela-se a todos os utilizadores da rede interna da Casa da M\u00fasica, por exemplo, ao aceder ao software de VPN, al\u00e9m de ser fisicamente verific\u00e1vel.<\/p>\n<\/div>\n<\/div>\n\n\n\n<div class=\"wp-block-columns alignwide is-layout-flex wp-container-core-columns-is-layout-28f84493 wp-block-columns-is-layout-flex\">\n<div class=\"wp-block-column is-layout-flow wp-block-column-is-layout-flow\" style=\"flex-basis:100%\">\n<p>O procedimento de contrata\u00e7\u00e3o p\u00fablica para a aquisi\u00e7\u00e3o desta <em>firewall<\/em> n\u00e3o se encontra registado no site base.gov (consultado em julho de 2024). Mas o <a href=\"https:\/\/casadamusica.com\/wp-content\/uploads\/2024\/04\/RC23_web_comp.pdf\">Relat\u00f3rio de Atividades e Contas de 2023<\/a>, na p\u00e1gina 107, confirma &#8220;a aquisi\u00e7\u00e3o de nova <em>firewall<\/em>&#8220;.<\/p>\n\n\n\n<p>Coincidentemente ou n\u00e3o, a Fortinet \u00e9 representada em Portugal pela\u2026 <strong>CPCecho<\/strong>.<\/p>\n<\/div>\n<\/div>\n\n\n\n<figure class=\"wp-block-image aligncenter size-large is-resized\"><img loading=\"lazy\" decoding=\"async\" width=\"1024\" height=\"704\" src=\"https:\/\/fugasdacasa.net\/wp-content\/uploads\/2024\/07\/armis-cpcecho-2-1024x704.png\" alt=\"\" class=\"wp-image-2715\" style=\"width:720px;height:auto\" srcset=\"https:\/\/fugasdacasa.net\/wp-content\/uploads\/2024\/07\/armis-cpcecho-2-1024x704.png 1024w, https:\/\/fugasdacasa.net\/wp-content\/uploads\/2024\/07\/armis-cpcecho-2-300x206.png 300w, https:\/\/fugasdacasa.net\/wp-content\/uploads\/2024\/07\/armis-cpcecho-2-768x528.png 768w, https:\/\/fugasdacasa.net\/wp-content\/uploads\/2024\/07\/armis-cpcecho-2-1536x1055.png 1536w, https:\/\/fugasdacasa.net\/wp-content\/uploads\/2024\/07\/armis-cpcecho-2-2048x1407.png 2048w\" sizes=\"auto, (max-width: 1024px) 100vw, 1024px\" \/><\/figure>\n\n\n\n<div class=\"wp-block-columns alignwide is-layout-flex wp-container-core-columns-is-layout-28f84493 wp-block-columns-is-layout-flex\">\n<div class=\"wp-block-column is-layout-flow wp-block-column-is-layout-flow\" style=\"flex-basis:100%\">\n<p><\/p>\n<\/div>\n<\/div>\n\n\n\n<div class=\"wp-block-columns alignwide is-layout-flex wp-container-core-columns-is-layout-28f84493 wp-block-columns-is-layout-flex\">\n<div class=\"wp-block-column is-layout-flow wp-block-column-is-layout-flow\" style=\"flex-basis:100%\">\n<h3 class=\"wp-block-heading\"><strong>Mais alguns meses de consultoria<\/strong><\/h3>\n<\/div>\n<\/div>\n\n\n\n<div class=\"wp-block-columns alignwide is-layout-flex wp-container-core-columns-is-layout-28f84493 wp-block-columns-is-layout-flex\">\n<div class=\"wp-block-column is-layout-flow wp-block-column-is-layout-flow\" style=\"flex-basis:100%\">\n<p>Novembro de 2023. A CPCecho volta a ser contratada para continuar a consultoria. Valor 9.945\u20ac, correspondente a 65\u20ac por cada hora. <a href=\"https:\/\/www.base.gov.pt\/Base4\/pt\/resultados\/?type=doc_documentos&amp;id=2075808&amp;ext=.pdf\">Essa consultoria<\/a> materializa-se na presen\u00e7a do mesmo consultor da Armis, Ricardo Sousa, agora em representa\u00e7\u00e3o da CPCecho, em reuni\u00f5es internas da Casa da M\u00fasica. Chega a estar presente, no in\u00edcio de 2024, em entrevistas a t\u00e9cnicos de SI num processo de recrutamento destinado \u00e0 equipa interna, ao lado da coordenadora de recursos humanos da Casa da M\u00fasica.<\/p>\n<\/div>\n<\/div>\n\n\n\n<div class=\"wp-block-columns alignwide is-layout-flex wp-container-core-columns-is-layout-28f84493 wp-block-columns-is-layout-flex\">\n<div class=\"wp-block-column is-layout-flow wp-block-column-is-layout-flow\" style=\"flex-basis:100%\">\n<h3 class=\"wp-block-heading\"><strong>E tudo o Estado pagou&#8230;<\/strong><\/h3>\n<\/div>\n<\/div>\n\n\n\n<div class=\"wp-block-columns alignwide is-layout-flex wp-container-core-columns-is-layout-28f84493 wp-block-columns-is-layout-flex\">\n<div class=\"wp-block-column is-layout-flow wp-block-column-is-layout-flow\" style=\"flex-basis:100%\">\n<p>A Funda\u00e7\u00e3o Casa da M\u00fasica \u00e9 uma institui\u00e7\u00e3o de direito privado e financiamento maioritariamente p\u00fablico. No passado, como j\u00e1 foi divulgado pelo fugasdacasa.net, muitos benef\u00edcios chegaram \u00e0s empresas privadas que dominam a gest\u00e3o da Funda\u00e7\u00e3o. Desta vez, com outro Conselho de Administra\u00e7\u00e3o, revela-se que os neg\u00f3cios e contrata\u00e7\u00f5es favorecem pessoas e entidades que pertencem a um determinado c\u00edrculo acad\u00e9mico, pr\u00f3ximo dos membros do CA. Ser\u00e1 que, \u00e0 semelhan\u00e7a do que se passou com as ilegalidades aqui denunciadas em 2022, tamb\u00e9m neste caso haver\u00e1 um parecer jur\u00eddico, feito \u00e0 medida, que recomenda esta abordagem personalizada \u00e0 contrata\u00e7\u00e3o?<\/p>\n<\/div>\n<\/div>\n\n\n\n<div class=\"wp-block-columns alignwide is-layout-flex wp-container-core-columns-is-layout-28f84493 wp-block-columns-is-layout-flex\">\n<div class=\"wp-block-column is-layout-flow wp-block-column-is-layout-flow\" style=\"flex-basis:100%\">\n<p>Ao longo do mandato deste Conselho de Administra\u00e7\u00e3o, a Casa da M\u00fasica teve apenas resultados l\u00edquidos negativos: -200.912\u20ac (2023), -583.835\u20ac (2022) e -876.143\u20ac (2021) &#8211; dados retirados dos relat\u00f3rios de <a href=\"https:\/\/casadamusica.com\/wp-content\/uploads\/2024\/04\/RC23_web_comp.pdf\">2023 <\/a>(p\u00e1gina 106) e <a href=\"https:\/\/casadamusica.com\/wp-content\/uploads\/2023\/09\/relatorio-contas-2022.pdf\">2022 <\/a>(p\u00e1gina 73). Com este tipo de gest\u00e3o, que resultados financeiros apresentar\u00e1 no ano de 2024? <\/p>\n<\/div>\n<\/div>\n\n\n\n<figure class=\"wp-block-image size-large\"><img loading=\"lazy\" decoding=\"async\" width=\"1024\" height=\"814\" src=\"https:\/\/fugasdacasa.net\/wp-content\/uploads\/2024\/07\/global-1-1024x814.png\" alt=\"\" class=\"wp-image-2716\" srcset=\"https:\/\/fugasdacasa.net\/wp-content\/uploads\/2024\/07\/global-1-1024x814.png 1024w, https:\/\/fugasdacasa.net\/wp-content\/uploads\/2024\/07\/global-1-300x239.png 300w, https:\/\/fugasdacasa.net\/wp-content\/uploads\/2024\/07\/global-1-768x611.png 768w, https:\/\/fugasdacasa.net\/wp-content\/uploads\/2024\/07\/global-1-1536x1221.png 1536w, https:\/\/fugasdacasa.net\/wp-content\/uploads\/2024\/07\/global-1-2048x1629.png 2048w\" sizes=\"auto, (max-width: 1024px) 100vw, 1024px\" \/><\/figure>\n\n\n\n<p><\/p>\n","protected":false},"excerpt":{"rendered":"<p>Ao longo do seu mandato de tr\u00eas anos (2021-2024), o Conselho de Administra\u00e7\u00e3o da Funda\u00e7\u00e3o Casa da M\u00fasica decidiu as contrata\u00e7\u00f5es de uma nova Diretora Administrativa e Financeira e uma nova Coordenadora de Sistemas de Informa\u00e7\u00e3o. Decidiu tamb\u00e9m a realiza\u00e7\u00e3o de auditorias aos sistemas de informa\u00e7\u00e3o e a contrata\u00e7\u00e3o de v\u00e1rios servi\u00e7os nesse campo. As [&hellip;]<\/p>\n","protected":false},"author":3,"featured_media":0,"parent":0,"menu_order":0,"comment_status":"closed","ping_status":"closed","template":"page-large-header","meta":{"footnotes":""},"class_list":["post-2645","page","type-page","status-publish","hentry"],"_links":{"self":[{"href":"https:\/\/fugasdacasa.net\/index.php?rest_route=\/wp\/v2\/pages\/2645","targetHints":{"allow":["GET"]}}],"collection":[{"href":"https:\/\/fugasdacasa.net\/index.php?rest_route=\/wp\/v2\/pages"}],"about":[{"href":"https:\/\/fugasdacasa.net\/index.php?rest_route=\/wp\/v2\/types\/page"}],"author":[{"embeddable":true,"href":"https:\/\/fugasdacasa.net\/index.php?rest_route=\/wp\/v2\/users\/3"}],"replies":[{"embeddable":true,"href":"https:\/\/fugasdacasa.net\/index.php?rest_route=%2Fwp%2Fv2%2Fcomments&post=2645"}],"version-history":[{"count":18,"href":"https:\/\/fugasdacasa.net\/index.php?rest_route=\/wp\/v2\/pages\/2645\/revisions"}],"predecessor-version":[{"id":2733,"href":"https:\/\/fugasdacasa.net\/index.php?rest_route=\/wp\/v2\/pages\/2645\/revisions\/2733"}],"wp:attachment":[{"href":"https:\/\/fugasdacasa.net\/index.php?rest_route=%2Fwp%2Fv2%2Fmedia&parent=2645"}],"curies":[{"name":"wp","href":"https:\/\/api.w.org\/{rel}","templated":true}]}}